{"id":14008,"date":"2024-05-30T11:06:59","date_gmt":"2024-05-30T18:06:59","guid":{"rendered":"https:\/\/thereser.org\/event\/una-navidad-celta-de-tomaseen-foley-2\/"},"modified":"2025-03-11T12:28:53","modified_gmt":"2025-03-11T19:28:53","slug":"una-navidad-celta-de-tomaseen-foley-2","status":"publish","type":"tribe_events","link":"https:\/\/thereser.org\/es\/event\/una-navidad-celta-de-tomaseen-foley-2\/","title":{"rendered":"Una Navidad celta de Tom\u00e1seen Foley"},"content":{"rendered":"<p>A Celtic Christmas, de Tom\u00e1seen Foley, recrea la alegr\u00eda y la inocencia de una noche antes de Navidad en una remota granja de la parroquia de Teampall an Ghleannt\u00e1in, en el oeste de Irlanda, cuando las familias vecinas se re\u00fanen alrededor del fuego para adornar la noche invernal con las inquietantes melod\u00edas de los villancicos tradicionales irlandeses para levantar las vigas con la alegr\u00eda de su m\u00fasica.  Enciende chispas en el suelo de losas con bailes tradicionales y llena la noche con las risas de sus historias.<\/p>\n<p><strong>Patrocinado por Reser Family Foundation<\/strong><\/p>\n","protected":false},"excerpt":{"rendered":"<p>A Celtic Christmas, de Tom\u00e1seen Foley, recrea la alegr\u00eda y la inocencia de una noche antes de Navidad en una remota granja de la parroquia de Teampall an Ghleannt\u00e1in, en&#8230;<\/p>\n","protected":false},"author":13,"featured_media":13586,"template":"","meta":{"_acf_changed":false,"_monsterinsights_skip_tracking":false,"_monsterinsights_sitenote_active":false,"_monsterinsights_sitenote_note":"","_monsterinsights_sitenote_category":0,"_tribe_events_status":"","_tribe_events_status_reason":"","_tribe_events_is_hybrid":"","_tribe_events_is_virtual":"","_tribe_events_virtual_video_source":"","_tribe_events_virtual_embed_video":"","_tribe_events_virtual_linked_button_text":"","_tribe_events_virtual_linked_button":"","_tribe_events_virtual_show_embed_at":"","_tribe_events_virtual_show_embed_to":[],"_tribe_events_virtual_show_on_event":"","_tribe_events_virtual_show_on_views":"","_tribe_events_virtual_url":"","footnotes":"","_wp_rev_ctl_limit":""},"tags":[142],"tribe_events_cat":[76,108],"class_list":["post-14008","tribe_events","type-tribe_events","status-publish","has-post-thumbnail","hentry","tag-global-es","tribe_events_cat-concierto","tribe_events_cat-danza","cat_concierto","cat_danza"],"acf":[],"_links":{"self":[{"href":"https:\/\/thereser.org\/es\/wp-json\/wp\/v2\/tribe_events\/14008","targetHints":{"allow":["GET"]}}],"collection":[{"href":"https:\/\/thereser.org\/es\/wp-json\/wp\/v2\/tribe_events"}],"about":[{"href":"https:\/\/thereser.org\/es\/wp-json\/wp\/v2\/types\/tribe_events"}],"author":[{"embeddable":true,"href":"https:\/\/thereser.org\/es\/wp-json\/wp\/v2\/users\/13"}],"version-history":[{"count":0,"href":"https:\/\/thereser.org\/es\/wp-json\/wp\/v2\/tribe_events\/14008\/revisions"}],"wp:featuredmedia":[{"embeddable":true,"href":"https:\/\/thereser.org\/es\/wp-json\/wp\/v2\/media\/13586"}],"wp:attachment":[{"href":"https:\/\/thereser.org\/es\/wp-json\/wp\/v2\/media?parent=14008"}],"wp:term":[{"taxonomy":"post_tag","embeddable":true,"href":"https:\/\/thereser.org\/es\/wp-json\/wp\/v2\/tags?post=14008"},{"taxonomy":"tribe_events_cat","embeddable":true,"href":"https:\/\/thereser.org\/es\/wp-json\/wp\/v2\/tribe_events_cat?post=14008"}],"curies":[{"name":"wp","href":"https:\/\/api.w.org\/{rel}","templated":true}]}}