{"id":19519,"date":"2025-05-29T09:02:59","date_gmt":"2025-05-29T16:02:59","guid":{"rendered":"https:\/\/thereser.org\/event\/el-verano-canta-una-comunidad-canta-el-requiem-aleman-de-brahms\/"},"modified":"2025-07-16T16:24:26","modified_gmt":"2025-07-16T23:24:26","slug":"el-verano-canta-una-comunidad-canta-el-requiem-aleman-de-brahms","status":"publish","type":"tribe_events","link":"https:\/\/thereser.org\/es\/event\/el-verano-canta-una-comunidad-canta-el-requiem-aleman-de-brahms\/","title":{"rendered":"El verano canta: una comunidad canta el R\u00e9quiem alem\u00e1n de Brahms"},"content":{"rendered":"<p>\u00danase al Coro Sinf\u00f3nico de Portland para una experiencia de concierto inmersiva de participaci\u00f3n del p\u00fablico como parte de Summer Sings en The Reser. Ya sea que sea nuevo en el canto o un corista experimentado, Summer Sings lo invita a recoger una partitura y cantar desde su asiento, rodeado de miembros del Coro Sinf\u00f3nico de Portland. Si prefieres escuchar, \u00a1nos encantar\u00eda que vengas, escuches y aprendas!  <\/p>\n<p>La primera de tres Cantas de Verano este verano, esta serie re\u00fane a las personas del \u00e1rea metropolitana de Portland en actuaciones participativas y multigeneracionales que elevan a los directores, solistas y cantantes comunitarios locales. Estos cantos ampl\u00edan el alcance y la relevancia de la m\u00fasica coral en nuestra regi\u00f3n, proporcionando una exploraci\u00f3n colectiva de la gran m\u00fasica coral en conjunto. <\/p>\n<p>Este domingo, 20 de julio, marcamos un hito especial: 20 a\u00f1os desde el primer Cantos de verano en 2005, que tambi\u00e9n cont\u00f3 con el R\u00e9quiem alem\u00e1n de Brahms. Este a\u00f1o, volvemos a ese trabajo, dirigidos por la Directora Art\u00edstica, la Dra. Alissa Deeter, y la directora invitada, la Dra. Katherine FitzGibbon. <\/p>\n<p>\u00danase a nosotros en la celebraci\u00f3n de los 20 a\u00f1os de Summer Sings al comienzo del 80 aniversario de PSC. \u00a1Recoge una partitura (partituras proporcionadas), levanta tu voz y convi\u00e9rtete en parte de la m\u00fasica! <\/p>\n<p>Para obtener m\u00e1s ayuda, comun\u00edquese con la taquilla al 971-501-7722 &#8211; Mi\u00e9rcoles y s\u00e1bado desde el mediod\u00eda hasta las 6 p.m.<\/p>\n","protected":false},"excerpt":{"rendered":"<p>\u00danase al Coro Sinf\u00f3nico de Portland para una experiencia de concierto inmersiva de participaci\u00f3n del p\u00fablico como parte de Summer Sings en The Reser. Ya sea que sea nuevo en&#8230;<\/p>\n","protected":false},"author":13,"featured_media":19506,"template":"","meta":{"_acf_changed":false,"_monsterinsights_skip_tracking":false,"_monsterinsights_sitenote_active":false,"_monsterinsights_sitenote_note":"","_monsterinsights_sitenote_category":0,"_tribe_events_status":"","_tribe_events_status_reason":"","_tribe_events_is_hybrid":"","_tribe_events_is_virtual":"","_tribe_events_virtual_video_source":"","_tribe_events_virtual_embed_video":"","_tribe_events_virtual_linked_button_text":"","_tribe_events_virtual_linked_button":"","_tribe_events_virtual_show_embed_at":"","_tribe_events_virtual_show_embed_to":[],"_tribe_events_virtual_show_on_event":"","_tribe_events_virtual_show_on_views":"","_tribe_events_virtual_url":"","footnotes":"","_wp_rev_ctl_limit":""},"tags":[166],"tribe_events_cat":[76],"class_list":["post-19519","tribe_events","type-tribe_events","status-publish","has-post-thumbnail","hentry","tag-concierto","tribe_events_cat-concierto","cat_concierto"],"acf":[],"_links":{"self":[{"href":"https:\/\/thereser.org\/es\/wp-json\/wp\/v2\/tribe_events\/19519","targetHints":{"allow":["GET"]}}],"collection":[{"href":"https:\/\/thereser.org\/es\/wp-json\/wp\/v2\/tribe_events"}],"about":[{"href":"https:\/\/thereser.org\/es\/wp-json\/wp\/v2\/types\/tribe_events"}],"author":[{"embeddable":true,"href":"https:\/\/thereser.org\/es\/wp-json\/wp\/v2\/users\/13"}],"version-history":[{"count":0,"href":"https:\/\/thereser.org\/es\/wp-json\/wp\/v2\/tribe_events\/19519\/revisions"}],"wp:featuredmedia":[{"embeddable":true,"href":"https:\/\/thereser.org\/es\/wp-json\/wp\/v2\/media\/19506"}],"wp:attachment":[{"href":"https:\/\/thereser.org\/es\/wp-json\/wp\/v2\/media?parent=19519"}],"wp:term":[{"taxonomy":"post_tag","embeddable":true,"href":"https:\/\/thereser.org\/es\/wp-json\/wp\/v2\/tags?post=19519"},{"taxonomy":"tribe_events_cat","embeddable":true,"href":"https:\/\/thereser.org\/es\/wp-json\/wp\/v2\/tribe_events_cat?post=19519"}],"curies":[{"name":"wp","href":"https:\/\/api.w.org\/{rel}","templated":true}]}}