{"id":20896,"date":"2025-08-27T11:24:28","date_gmt":"2025-08-27T18:24:28","guid":{"rendered":"https:\/\/thereser.org\/event\/invoke-con-clarice-assad-piano-voz\/"},"modified":"2025-08-27T11:30:27","modified_gmt":"2025-08-27T18:30:27","slug":"invoke-con-clarice-assad-piano-voz","status":"publish","type":"tribe_events","link":"https:\/\/thereser.org\/es\/event\/invoke-con-clarice-assad-piano-voz\/","title":{"rendered":"Invoke con Clarice Assad, piano\/voz"},"content":{"rendered":"<p>Esquivando con \u00e9xito incluso los intentos m\u00e1s valientes de clasificaci\u00f3n de g\u00e9neros, este cuarteto multiinstrumental (viol\u00edn, banjo, viola, mandolina, violonchelo, voz) abarca tradiciones musicales de todo Estados Unidos, mientras que los estilos vocales \u00fanicos de la compositora e int\u00e9rprete Clarice Assad y el uso del piano y la electr\u00f3nica son \u00fanicos en su clase.<\/p>\n","protected":false},"excerpt":{"rendered":"<p>Esquivando con \u00e9xito incluso los intentos m\u00e1s valientes de clasificaci\u00f3n de g\u00e9neros, este cuarteto multiinstrumental (viol\u00edn, banjo, viola, mandolina, violonchelo, voz) abarca tradiciones musicales de todo Estados Unidos, mientras que&#8230;<\/p>\n","protected":false},"author":13,"featured_media":20892,"template":"","meta":{"_acf_changed":false,"_monsterinsights_skip_tracking":false,"_monsterinsights_sitenote_active":false,"_monsterinsights_sitenote_note":"","_monsterinsights_sitenote_category":0,"_tribe_events_status":"","_tribe_events_status_reason":"","_tribe_events_is_hybrid":"","_tribe_events_is_virtual":"","_tribe_events_virtual_video_source":"","_tribe_events_virtual_embed_video":"","_tribe_events_virtual_linked_button_text":"","_tribe_events_virtual_linked_button":"","_tribe_events_virtual_show_embed_at":"","_tribe_events_virtual_show_embed_to":[],"_tribe_events_virtual_show_on_event":"","_tribe_events_virtual_show_on_views":"","_tribe_events_virtual_url":"","footnotes":"","_wp_rev_ctl_limit":""},"tags":[166,177],"tribe_events_cat":[76],"class_list":["post-20896","tribe_events","type-tribe_events","status-publish","has-post-thumbnail","hentry","tag-concierto","tag-musica-de-camara","tribe_events_cat-concierto","cat_concierto"],"acf":[],"_links":{"self":[{"href":"https:\/\/thereser.org\/es\/wp-json\/wp\/v2\/tribe_events\/20896","targetHints":{"allow":["GET"]}}],"collection":[{"href":"https:\/\/thereser.org\/es\/wp-json\/wp\/v2\/tribe_events"}],"about":[{"href":"https:\/\/thereser.org\/es\/wp-json\/wp\/v2\/types\/tribe_events"}],"author":[{"embeddable":true,"href":"https:\/\/thereser.org\/es\/wp-json\/wp\/v2\/users\/13"}],"version-history":[{"count":0,"href":"https:\/\/thereser.org\/es\/wp-json\/wp\/v2\/tribe_events\/20896\/revisions"}],"wp:featuredmedia":[{"embeddable":true,"href":"https:\/\/thereser.org\/es\/wp-json\/wp\/v2\/media\/20892"}],"wp:attachment":[{"href":"https:\/\/thereser.org\/es\/wp-json\/wp\/v2\/media?parent=20896"}],"wp:term":[{"taxonomy":"post_tag","embeddable":true,"href":"https:\/\/thereser.org\/es\/wp-json\/wp\/v2\/tags?post=20896"},{"taxonomy":"tribe_events_cat","embeddable":true,"href":"https:\/\/thereser.org\/es\/wp-json\/wp\/v2\/tribe_events_cat?post=20896"}],"curies":[{"name":"wp","href":"https:\/\/api.w.org\/{rel}","templated":true}]}}